{"id":10869,"date":"2021-10-18T10:13:36","date_gmt":"2021-10-18T08:13:36","guid":{"rendered":"https:\/\/www.petitconvent.com\/playas\/"},"modified":"2022-04-07T12:06:50","modified_gmt":"2022-04-07T10:06:50","slug":"plages","status":"publish","type":"page","link":"https:\/\/www.petitconvent.com\/fr\/plages\/","title":{"rendered":"Plages"},"content":{"rendered":"[vc_row type=&#8221;in_container&#8221; full_screen_row_position=&#8221;middle&#8221; column_margin=&#8221;default&#8221; column_direction=&#8221;default&#8221; column_direction_tablet=&#8221;default&#8221; column_direction_phone=&#8221;default&#8221; scene_position=&#8221;center&#8221; text_color=&#8221;dark&#8221; text_align=&#8221;left&#8221; row_border_radius=&#8221;none&#8221; row_border_radius_applies=&#8221;bg&#8221; overlay_strength=&#8221;0.3&#8243; gradient_direction=&#8221;left_to_right&#8221; shape_divider_position=&#8221;bottom&#8221; bg_image_animation=&#8221;none&#8221;][vc_column column_padding=&#8221;no-extra-padding&#8221; column_padding_tablet=&#8221;inherit&#8221; column_padding_phone=&#8221;inherit&#8221; column_padding_position=&#8221;all&#8221; background_color_opacity=&#8221;1&#8243; background_hover_color_opacity=&#8221;1&#8243; column_shadow=&#8221;none&#8221; column_border_radius=&#8221;none&#8221; column_link_target=&#8221;_self&#8221; gradient_direction=&#8221;left_to_right&#8221; overlay_strength=&#8221;0.3&#8243; width=&#8221;1\/1&#8243; tablet_width_inherit=&#8221;default&#8221; tablet_text_alignment=&#8221;default&#8221; phone_text_alignment=&#8221;default&#8221; column_border_width=&#8221;none&#8221; column_border_style=&#8221;solid&#8221; bg_image_animation=&#8221;none&#8221;]<div  data-transition=\"slide\" data-overall_style=\"classic\" data-flexible-height=\"\" data-animate-in-effect=\"none\" data-fullscreen=\"true\" data-button-sizing=\"regular\" data-button-styling=\"btn_with_count\" data-autorotate=\"\" data-parallax=\"false\" data-parallax-disable-mobile=\"\" data-caption-trans=\"fade_in_from_bottom\" data-parallax-style=\"bg_only\" data-bg-animation=\"ken_burns\" data-full-width=\"true\" class=\"nectar-slider-wrap \" id=\"nectar-slider-instance-1\"><div class=\"swiper-container\"  data-tho=\"auto\" data-tco=\"auto\" data-pho=\"auto\" data-pco=\"auto\" data-loop=\"false\" data-height=\"650\" data-min-height=\"\" data-arrows=\"false\" data-bullets=\"false\" data-bullet_style=\"see_through\" data-bullet_position=\"bottom\" data-desktop-swipe=\"false\" data-settings=\"\"> <div class=\"swiper-wrapper\"><div class=\"swiper-slide\" data-desktop-content-width=\"auto\" data-tablet-content-width=\"auto\" data-bg-alignment=\"center\" data-color-scheme=\"light\" data-x-pos=\"left\" data-y-pos=\"middle\" ><div class=\"slide-bg-wrap\"><div class=\"image-bg\" style=\"background-image: url(https:\/\/www.petitconvent.com\/wp-content\/uploads\/2022\/02\/petit_convent_caminos_ronda.jpeg);\"> &nbsp; <\/div><\/div><div class=\"container\">\n\t\t\t\t\t\t<div class=\"content\"><h2>Plages<\/h2><p  ><span>Spectaculaire et unique<\/span><\/p><\/div>\n\t\t\t\t\t\t\t\t<\/div><!--\/container--><a href=\"#\" class=\"slider-down-arrow no-border\"><svg class=\"nectar-scroll-icon\" viewBox=\"0 0 30 45\" enable-background=\"new 0 0 30 45\">\n\t\t\t\t\t\t\t\t\t<path class=\"nectar-scroll-icon-path\" fill=\"none\" stroke=\"#ffffff\" stroke-width=\"2\" stroke-miterlimit=\"10\" d=\"M15,1.118c12.352,0,13.967,12.88,13.967,12.88v18.76  c0,0-1.514,11.204-13.967,11.204S0.931,32.966,0.931,32.966V14.05C0.931,14.05,2.648,1.118,15,1.118z\"><\/path>\n\t\t\t\t\t\t\t\t\t<\/svg><\/a><div class=\"video-texture \"> <span class=\"ie-fix\"><\/span> <\/div><\/div> <!--\/swiper-slide--><\/div><div class=\"nectar-slider-loading \"> <span class=\"loading-icon none\">   <\/span> <\/div> <\/div> \n\t\t\t\t\t\n\t\t\t\t\t<\/div>[\/vc_column][\/vc_row][vc_row type=&#8221;in_container&#8221; full_screen_row_position=&#8221;middle&#8221; column_margin=&#8221;default&#8221; column_direction=&#8221;default&#8221; column_direction_tablet=&#8221;default&#8221; column_direction_phone=&#8221;default&#8221; scene_position=&#8221;center&#8221; top_padding=&#8221;4%&#8221; bottom_padding=&#8221;4%&#8221; text_color=&#8221;dark&#8221; text_align=&#8221;left&#8221; row_border_radius=&#8221;none&#8221; row_border_radius_applies=&#8221;bg&#8221; id=&#8221;your-hotel&#8221; overlay_strength=&#8221;0.3&#8243; gradient_direction=&#8221;left_to_right&#8221; shape_divider_position=&#8221;bottom&#8221; bg_image_animation=&#8221;none&#8221; shape_type=&#8221;&#8221;][vc_column column_padding=&#8221;no-extra-padding&#8221; column_padding_tablet=&#8221;inherit&#8221; column_padding_phone=&#8221;inherit&#8221; column_padding_position=&#8221;all&#8221; background_color_opacity=&#8221;1&#8243; background_hover_color_opacity=&#8221;1&#8243; column_shadow=&#8221;none&#8221; column_border_radius=&#8221;none&#8221; column_link_target=&#8221;_self&#8221; gradient_direction=&#8221;left_to_right&#8221; overlay_strength=&#8221;0.3&#8243; width=&#8221;1\/1&#8243; tablet_width_inherit=&#8221;default&#8221; tablet_text_alignment=&#8221;default&#8221; phone_text_alignment=&#8221;default&#8221; column_border_width=&#8221;none&#8221; column_border_style=&#8221;solid&#8221; bg_image_animation=&#8221;none&#8221;][vc_column_text]\n<h2 style=\"text-align: center;\"><span style=\"color: #67635a;\">Plages de Begur<\/span><\/h2>\n[\/vc_column_text][divider line_type=&#8221;No Line&#8221;][vc_column_text]\n<h6><span style=\"color: #67635a;\">Les voyageurs du monde entier \u00e0 la recherche d&#8217;un endroit serein qui offre \u00e9galement des divertissements l\u00e9gers choisissent cette r\u00e9gion comme l&#8217;un de leurs endroits pr\u00e9f\u00e9r\u00e9s \u00e0 visiter. Vous trouverez ici tout ce que vous pouvez imaginer pour profiter des petits luxes de la vie. De Begur \u00e0 Cadaqu\u00e9s, vous trouverez une hospitalit\u00e9 unique, si repr\u00e9sentative de la culture catalane, au milieu de paysages cam\u00e9l\u00e9ons et d&#8217;un savoir faire culinaire digne des meilleures \u00e9coles de cuisine Michelin.<\/span><\/h6>\n<h6><span style=\"color: #67635a;\">Les couleurs qui forment la toile de fond des plages de Begur sont uniques en M\u00e9diterran\u00e9e. Les bleus saphir et les verts \u00e9meraude compl\u00e8tent le littoral et les environs spectaculaires. Si vous aimez les environnements authentiques, calmes et paisibles, le Petit Convent vous guidera vers les meilleures criques et plages de la Costa Brava.<\/span><\/h6>\n[\/vc_column_text][\/vc_column][\/vc_row][vc_row type=&#8221;in_container&#8221; full_screen_row_position=&#8221;middle&#8221; column_margin=&#8221;default&#8221; column_direction=&#8221;default&#8221; column_direction_tablet=&#8221;default&#8221; column_direction_phone=&#8221;default&#8221; scene_position=&#8221;center&#8221; text_color=&#8221;dark&#8221; text_align=&#8221;left&#8221; row_border_radius=&#8221;none&#8221; row_border_radius_applies=&#8221;bg&#8221; overlay_strength=&#8221;0.3&#8243; gradient_direction=&#8221;left_to_right&#8221; shape_divider_position=&#8221;bottom&#8221; bg_image_animation=&#8221;none&#8221;][vc_column column_padding=&#8221;no-extra-padding&#8221; column_padding_tablet=&#8221;inherit&#8221; column_padding_phone=&#8221;inherit&#8221; column_padding_position=&#8221;all&#8221; centered_text=&#8221;true&#8221; background_color_opacity=&#8221;1&#8243; background_hover_color_opacity=&#8221;1&#8243; column_shadow=&#8221;none&#8221; column_border_radius=&#8221;none&#8221; column_link_target=&#8221;_self&#8221; gradient_direction=&#8221;left_to_right&#8221; overlay_strength=&#8221;0.3&#8243; width=&#8221;1\/2&#8243; tablet_width_inherit=&#8221;default&#8221; tablet_text_alignment=&#8221;default&#8221; phone_text_alignment=&#8221;default&#8221; column_border_width=&#8221;none&#8221; column_border_style=&#8221;solid&#8221; bg_image_animation=&#8221;none&#8221;][team_member image_url=&#8221;10366&#8243; bio_alt_image_url=&#8221;10364&#8243; team_memeber_style=&#8221;bio_fullscreen_alt&#8221; image_loading=&#8221;default&#8221; name=&#8221;AIGUAFREDA&#8221; job_position=&#8221;Plage&#8221; team_member_mini_bio=&#8221;Une plage \u00e0 la nature unique et aux fonds marins extraordinairement latents.&#8221; team_member_bio=&#8221;\u00c0 seulement 5 minutes en voiture de la ville de Begur ou apr\u00e8s une magnifique promenade dans la campagne, vous trouverez la belle et accueillante plage d&#8217;Aiguafreda, une destination qui jouit encore du charme typique des p\u00eacheurs locaux qui p\u00eachent depuis l&#8217;un des merveilleux rochers qui bordent la crique.<br \/>\nLe b\u00e2timent sur lequel l&#8217;InterContinental Madrid a \u00e9t\u00e9 construit est le palais du duch\u00e9 d&#8217;Aliaga, con\u00e7u par l&#8217;architecte Eugenio Jim\u00e9nez Correa.<br \/>\nLes ann\u00e9es de splendeur de la noblesse espagnole ont pris fin dans les ann\u00e9es 1950, lorsque les grandes familles espagnoles ont abandonn\u00e9 les palais exub\u00e9rants qu&#8217;elles avaient construits sur le Paseo de la Castellana.&#8221; social_link_1=&#8221;https:\/\/www.instagram.com\/conventgrup\/&#8221; social_link_2=&#8221;https:\/\/www.facebook.com\/conventgrup\/&#8221; social_icon_1=&#8221;fa fa-instagram&#8221; social_icon_2=&#8221;fa fa-facebook&#8221;][\/vc_column][vc_column column_padding=&#8221;no-extra-padding&#8221; column_padding_tablet=&#8221;inherit&#8221; column_padding_phone=&#8221;inherit&#8221; column_padding_position=&#8221;all&#8221; centered_text=&#8221;true&#8221; background_color_opacity=&#8221;1&#8243; background_hover_color_opacity=&#8221;1&#8243; column_shadow=&#8221;none&#8221; column_border_radius=&#8221;none&#8221; column_link_target=&#8221;_self&#8221; gradient_direction=&#8221;left_to_right&#8221; overlay_strength=&#8221;0.3&#8243; width=&#8221;1\/2&#8243; tablet_width_inherit=&#8221;default&#8221; tablet_text_alignment=&#8221;default&#8221; phone_text_alignment=&#8221;default&#8221; column_border_width=&#8221;none&#8221; column_border_style=&#8221;solid&#8221; bg_image_animation=&#8221;none&#8221;][team_member image_url=&#8221;10372&#8243; bio_alt_image_url=&#8221;10374&#8243; team_memeber_style=&#8221;bio_fullscreen_alt&#8221; image_loading=&#8221;default&#8221; name=&#8221;SA RIERA&#8221; job_position=&#8221;Plage&#8221; team_member_mini_bio=&#8221;Magique, paisible et authentique. Une des plages incontournables de Begur.&#8221; team_member_bio=&#8221;Un v\u00e9ritable luxe pour les \u00e2mes romantiques. Une crique spectaculaire prot\u00e9g\u00e9e par la nature sauvage la plus caract\u00e9ristique de la r\u00e9gion. Promenez-vous sur un sentier naturel \u00e0 c\u00f4t\u00e9 de l&#8217;h\u00f4tel Convent de Begur ou partez en voiture, pour atteindre un lieu enchanteur plein de magie et d&#8217;inspiration, Sa Riera, qui tire son nom du torrent qui coulait sur ses rives.&#8221; social_link_1=&#8221;https:\/\/www.instagram.com\/conventgrup\/&#8221; social_link_2=&#8221;https:\/\/www.facebook.com\/conventgrup\/&#8221; social_icon_1=&#8221;fa fa-instagram&#8221; social_icon_2=&#8221;fa fa-facebook&#8221;][\/vc_column][\/vc_row][vc_row type=&#8221;in_container&#8221; full_screen_row_position=&#8221;middle&#8221; column_margin=&#8221;default&#8221; column_direction=&#8221;default&#8221; column_direction_tablet=&#8221;default&#8221; column_direction_phone=&#8221;default&#8221; scene_position=&#8221;center&#8221; text_color=&#8221;dark&#8221; text_align=&#8221;left&#8221; row_border_radius=&#8221;none&#8221; row_border_radius_applies=&#8221;bg&#8221; overlay_strength=&#8221;0.3&#8243; gradient_direction=&#8221;left_to_right&#8221; shape_divider_position=&#8221;bottom&#8221; bg_image_animation=&#8221;none&#8221;][vc_column column_padding=&#8221;no-extra-padding&#8221; column_padding_tablet=&#8221;inherit&#8221; column_padding_phone=&#8221;inherit&#8221; column_padding_position=&#8221;all&#8221; centered_text=&#8221;true&#8221; background_color_opacity=&#8221;1&#8243; background_hover_color_opacity=&#8221;1&#8243; column_shadow=&#8221;none&#8221; column_border_radius=&#8221;none&#8221; column_link_target=&#8221;_self&#8221; gradient_direction=&#8221;left_to_right&#8221; overlay_strength=&#8221;0.3&#8243; width=&#8221;1\/2&#8243; tablet_width_inherit=&#8221;default&#8221; tablet_text_alignment=&#8221;default&#8221; phone_text_alignment=&#8221;default&#8221; column_border_width=&#8221;none&#8221; column_border_style=&#8221;solid&#8221; bg_image_animation=&#8221;none&#8221;][team_member image_url=&#8221;10376&#8243; bio_alt_image_url=&#8221;10378&#8243; team_memeber_style=&#8221;bio_fullscreen_alt&#8221; image_loading=&#8221;lazy-load&#8221; name=&#8221;AIGUABLAVA&#8221; job_position=&#8221;Plage&#8221; team_member_mini_bio=&#8221;Plage authentique flanqu\u00e9e de beaux rochers et de restaurants id\u00e9aux.&#8221; team_member_bio=&#8221;Le Petit Couvent vous recommande d&#8217;arriver ici par le majestueux sentier c\u00f4tier qui vous m\u00e8ne \u00e0 droite de la crique. C&#8217;est ici, \u00e0 travers les rayons du soleil, que vous \u00eates assur\u00e9 d&#8217;avoir la meilleure vue sur les magnifiques fonds marins de couleur saphir de ce magnifique littoral. Outre sa r\u00e9putation de plage parmi les plus spectaculaires de la M\u00e9diterran\u00e9e, Aiguablava est l&#8217;une des zones gastronomiques les plus prestigieuses de la Costa Brava, le riz noir et la langouste sauvage grill\u00e9e \u00e9tant particuli\u00e8rement recommand\u00e9s. De plus, de l\u00e0, vous pouvez profiter de vues spectaculaires et m\u00e9morables.&#8221; social_link_1=&#8221;https:\/\/www.instagram.com\/conventgrup\/&#8221; social_link_2=&#8221;https:\/\/www.facebook.com\/conventgrup\/&#8221; social_icon_1=&#8221;fa fa-instagram&#8221; social_icon_2=&#8221;fa fa-facebook&#8221;][\/vc_column][vc_column column_padding=&#8221;no-extra-padding&#8221; column_padding_tablet=&#8221;inherit&#8221; column_padding_phone=&#8221;inherit&#8221; column_padding_position=&#8221;all&#8221; centered_text=&#8221;true&#8221; background_color_opacity=&#8221;1&#8243; background_hover_color_opacity=&#8221;1&#8243; column_shadow=&#8221;none&#8221; column_border_radius=&#8221;none&#8221; column_link_target=&#8221;_self&#8221; gradient_direction=&#8221;left_to_right&#8221; overlay_strength=&#8221;0.3&#8243; width=&#8221;1\/2&#8243; tablet_width_inherit=&#8221;default&#8221; tablet_text_alignment=&#8221;default&#8221; phone_text_alignment=&#8221;default&#8221; column_border_width=&#8221;none&#8221; column_border_style=&#8221;solid&#8221; bg_image_animation=&#8221;none&#8221;][team_member image_url=&#8221;10380&#8243; bio_alt_image_url=&#8221;10382&#8243; team_memeber_style=&#8221;bio_fullscreen_alt&#8221; image_loading=&#8221;lazy-load&#8221; name=&#8221;CAMINOS DE RONDA, COASTAL TRAILS&#8221; job_position=&#8221;Plage&#8221; team_member_mini_bio=&#8221;Vous appr\u00e9cierez notre recommandation de vous promener au moins sur une partie des sentiers c\u00f4tiers.&#8221; team_member_bio=&#8221;Les promenades c\u00f4ti\u00e8res le long des falaises abruptes de la c\u00f4te de Begur sont l&#8217;une des exp\u00e9riences uniques et incontournables de la Costa Brava. Il s&#8217;agit d&#8217;un itin\u00e9raire spectaculaire qui permet \u00e0 tous, couples, touristes et randonneurs, de vivre une aventure le long de falaises de pr\u00e8s de 100 m de haut, \u00e0 l&#8217;ombre d&#8217;immenses pins centenaires.<\/p>\n<p>Les sentiers c\u00f4tiers ont une longueur totale de 20 km. Ils sont r\u00e9partis en quatre sections le long de la c\u00f4te, que nous avons r\u00e9sum\u00e9es ci-dessous.<\/p>\n<p>Tron\u00e7on Sa Riera &#8211; Illa Roja &#8211; Platja del Rac\u00f3 &#8211; Illa Roja &#8211; Sa Riera (1h 30min, 1,6km)<br \/>\nTron\u00e7on Sa Riera &#8211; Punta de la Creu &#8211; Sa Riera (1h, 3km)<br \/>\nSection Aiguafreda &#8211; Sa Tuna &#8211; Aiguafreda (40min, 2,25km)<br \/>\nTron\u00e7on Aiguablava &#8211; Fornells &#8211; Platja Fonda &#8211; Fornells &#8211; Aiguablava (2h, 2 \u00e0 5km)<\/p>\n<p>Nous vous recommandons vivement d&#8217;en suivre une. \u00c0 notre h\u00f4tel de Begur, nous vous fournirons des cartes et des guides GPS pour que tout se passe bien.&#8221; social_link_1=&#8221;https:\/\/www.instagram.com\/conventgrup\/&#8221; social_link_2=&#8221;https:\/\/www.facebook.com\/conventgrup\/&#8221; social_icon_1=&#8221;fa fa-instagram&#8221; social_icon_2=&#8221;fa fa-facebook&#8221;][\/vc_column][\/vc_row]\n","protected":false},"excerpt":{"rendered":"<p>[vc_row type=&#8221;in_container&#8221; full_screen_row_position=&#8221;middle&#8221; column_margin=&#8221;default&#8221; column_direction=&#8221;default&#8221; column_direction_tablet=&#8221;default&#8221; column_direction_phone=&#8221;default&#8221; scene_position=&#8221;center&#8221; text_color=&#8221;dark&#8221; text_align=&#8221;left&#8221; row_border_radius=&#8221;none&#8221; row_border_radius_applies=&#8221;bg&#8221; overlay_strength=&#8221;0.3&#8243; gradient_direction=&#8221;left_to_right&#8221; shape_divider_position=&#8221;bottom&#8221; bg_image_animation=&#8221;none&#8221;][vc_column column_padding=&#8221;no-extra-padding&#8221; column_padding_tablet=&#8221;inherit&#8221; column_padding_phone=&#8221;inherit&#8221; column_padding_position=&#8221;all&#8221; background_color_opacity=&#8221;1&#8243; background_hover_color_opacity=&#8221;1&#8243; column_shadow=&#8221;none&#8221; column_border_radius=&#8221;none&#8221; column_link_target=&#8221;_self&#8221; gradient_direction=&#8221;left_to_right&#8221; overlay_strength=&#8221;0.3&#8243; width=&#8221;1\/1&#8243; tablet_width_inherit=&#8221;default&#8221; tablet_text_alignment=&#8221;default&#8221;&#8230;<\/p>\n","protected":false},"author":3,"featured_media":0,"parent":0,"menu_order":0,"comment_status":"closed","ping_status":"closed","template":"","meta":{"_joinchat":[]},"_links":{"self":[{"href":"https:\/\/www.petitconvent.com\/fr\/wp-json\/wp\/v2\/pages\/10869"}],"collection":[{"href":"https:\/\/www.petitconvent.com\/fr\/wp-json\/wp\/v2\/pages"}],"about":[{"href":"https:\/\/www.petitconvent.com\/fr\/wp-json\/wp\/v2\/types\/page"}],"author":[{"embeddable":true,"href":"https:\/\/www.petitconvent.com\/fr\/wp-json\/wp\/v2\/users\/3"}],"replies":[{"embeddable":true,"href":"https:\/\/www.petitconvent.com\/fr\/wp-json\/wp\/v2\/comments?post=10869"}],"version-history":[{"count":3,"href":"https:\/\/www.petitconvent.com\/fr\/wp-json\/wp\/v2\/pages\/10869\/revisions"}],"predecessor-version":[{"id":10871,"href":"https:\/\/www.petitconvent.com\/fr\/wp-json\/wp\/v2\/pages\/10869\/revisions\/10871"}],"wp:attachment":[{"href":"https:\/\/www.petitconvent.com\/fr\/wp-json\/wp\/v2\/media?parent=10869"}],"curies":[{"name":"wp","href":"https:\/\/api.w.org\/{rel}","templated":true}]}}